{"id":6,"date":"2023-05-26T12:49:48","date_gmt":"2023-05-26T12:49:48","guid":{"rendered":"https:\/\/acequiademarchena.com\/?page_id=6"},"modified":"2023-06-13T13:48:22","modified_gmt":"2023-06-13T13:48:22","slug":"acequia-de-marchena","status":"publish","type":"page","link":"https:\/\/acequiademarchena.com\/","title":{"rendered":"Acequia de Marchena"},"content":{"rendered":"\t\t<div data-elementor-type=\"wp-post\" data-elementor-id=\"6\" class=\"elementor elementor-6\">\n\t\t\t\t\t\t\t\t\t<section class=\"elementor-section elementor-top-section elementor-element elementor-element-6f5e883 elementor-section-height-min-height elementor-section-content-middle elementor-section-boxed elementor-section-height-default elementor-section-items-middle\" data-id=\"6f5e883\" data-element_type=\"section\" data-settings=\"{&quot;background_background&quot;:&quot;classic&quot;}\">\n\t\t\t\t\t\t<div class=\"elementor-container elementor-column-gap-default\">\n\t\t\t\t\t<div class=\"elementor-column elementor-col-100 elementor-top-column elementor-element elementor-element-bd8496f\" data-id=\"bd8496f\" data-element_type=\"column\">\n\t\t\t<div class=\"elementor-widget-wrap elementor-element-populated\">\n\t\t\t\t\t\t\t\t<div class=\"elementor-element elementor-element-f076d7c elementor-widget elementor-widget-heading\" data-id=\"f076d7c\" data-element_type=\"widget\" data-widget_type=\"heading.default\">\n\t\t\t\t<div class=\"elementor-widget-container\">\n\t\t\t<style>\/*! elementor - v3.13.3 - 28-05-2023 *\/\n.elementor-heading-title{padding:0;margin:0;line-height:1}.elementor-widget-heading .elementor-heading-title[class*=elementor-size-]>a{color:inherit;font-size:inherit;line-height:inherit}.elementor-widget-heading .elementor-heading-title.elementor-size-small{font-size:15px}.elementor-widget-heading .elementor-heading-title.elementor-size-medium{font-size:19px}.elementor-widget-heading .elementor-heading-title.elementor-size-large{font-size:29px}.elementor-widget-heading .elementor-heading-title.elementor-size-xl{font-size:39px}.elementor-widget-heading .elementor-heading-title.elementor-size-xxl{font-size:59px}<\/style><h1 class=\"elementor-heading-title elementor-size-default\">Bienvenido a<br>La Acequia<br>de Marchena<\/h1>\t\t<\/div>\n\t\t\t\t<\/div>\n\t\t\t\t\t<\/div>\n\t\t<\/div>\n\t\t\t\t\t\t\t<\/div>\n\t\t<\/section>\n\t\t\t\t<section class=\"elementor-section elementor-top-section elementor-element elementor-element-c61596e elementor-section-stretched elementor-section-boxed elementor-section-height-default elementor-section-height-default\" data-id=\"c61596e\" data-element_type=\"section\" data-settings=\"{&quot;stretch_section&quot;:&quot;section-stretched&quot;,&quot;background_background&quot;:&quot;classic&quot;}\">\n\t\t\t\t\t\t<div class=\"elementor-container elementor-column-gap-default\">\n\t\t\t\t\t<div class=\"elementor-column elementor-col-100 elementor-top-column elementor-element elementor-element-9a711bd\" data-id=\"9a711bd\" data-element_type=\"column\">\n\t\t\t<div class=\"elementor-widget-wrap elementor-element-populated\">\n\t\t\t\t\t\t\t\t<div class=\"elementor-element elementor-element-8f810ba elementor-widget elementor-widget-spacer\" data-id=\"8f810ba\" data-element_type=\"widget\" data-widget_type=\"spacer.default\">\n\t\t\t\t<div class=\"elementor-widget-container\">\n\t\t\t<style>\/*! elementor - v3.13.3 - 28-05-2023 *\/\n.elementor-column .elementor-spacer-inner{height:var(--spacer-size)}.e-con{--container-widget-width:100%}.e-con-inner>.elementor-widget-spacer,.e-con>.elementor-widget-spacer{width:var(--container-widget-width,var(--spacer-size));--align-self:var(--container-widget-align-self,initial);--flex-shrink:0}.e-con-inner>.elementor-widget-spacer>.elementor-widget-container,.e-con-inner>.elementor-widget-spacer>.elementor-widget-container>.elementor-spacer,.e-con>.elementor-widget-spacer>.elementor-widget-container,.e-con>.elementor-widget-spacer>.elementor-widget-container>.elementor-spacer{height:100%}.e-con-inner>.elementor-widget-spacer>.elementor-widget-container>.elementor-spacer>.elementor-spacer-inner,.e-con>.elementor-widget-spacer>.elementor-widget-container>.elementor-spacer>.elementor-spacer-inner{height:var(--container-widget-height,var(--spacer-size))}<\/style>\t\t<div class=\"elementor-spacer\">\n\t\t\t<div class=\"elementor-spacer-inner\"><\/div>\n\t\t<\/div>\n\t\t\t\t<\/div>\n\t\t\t\t<\/div>\n\t\t\t\t<div class=\"elementor-element elementor-element-69c956f elementor-absolute elementor-widget elementor-widget-image\" data-id=\"69c956f\" data-element_type=\"widget\" id=\"historia\" data-settings=\"{&quot;_position&quot;:&quot;absolute&quot;}\" data-widget_type=\"image.default\">\n\t\t\t\t<div class=\"elementor-widget-container\">\n\t\t\t<style>\/*! elementor - v3.13.3 - 28-05-2023 *\/\n.elementor-widget-image{text-align:center}.elementor-widget-image a{display:inline-block}.elementor-widget-image a img[src$=\".svg\"]{width:48px}.elementor-widget-image img{vertical-align:middle;display:inline-block}<\/style>\t\t\t\t\t\t\t\t\t\t\t\t<img decoding=\"async\" width=\"1600\" height=\"900\" src=\"https:\/\/acequiademarchena.com\/wp-content\/uploads\/2023\/06\/acequia-de-marchena-banner-mid.jpg\" class=\"attachment-full size-full wp-image-138\" alt=\"\" loading=\"lazy\" srcset=\"https:\/\/acequiademarchena.com\/wp-content\/uploads\/2023\/06\/acequia-de-marchena-banner-mid.jpg 1600w, https:\/\/acequiademarchena.com\/wp-content\/uploads\/2023\/06\/acequia-de-marchena-banner-mid-300x169.jpg 300w, https:\/\/acequiademarchena.com\/wp-content\/uploads\/2023\/06\/acequia-de-marchena-banner-mid-1024x576.jpg 1024w, https:\/\/acequiademarchena.com\/wp-content\/uploads\/2023\/06\/acequia-de-marchena-banner-mid-768x432.jpg 768w, https:\/\/acequiademarchena.com\/wp-content\/uploads\/2023\/06\/acequia-de-marchena-banner-mid-1536x864.jpg 1536w\" sizes=\"(max-width: 1600px) 100vw, 1600px\" \/>\t\t\t\t\t\t\t\t\t\t\t\t\t\t\t<\/div>\n\t\t\t\t<\/div>\n\t\t\t\t\t<\/div>\n\t\t<\/div>\n\t\t\t\t\t\t\t<\/div>\n\t\t<\/section>\n\t\t\t\t<section class=\"elementor-section elementor-top-section elementor-element elementor-element-91fedfa elementor-section-content-middle elementor-section-stretched elementor-section-boxed elementor-section-height-default elementor-section-height-default\" data-id=\"91fedfa\" data-element_type=\"section\" data-settings=\"{&quot;stretch_section&quot;:&quot;section-stretched&quot;}\">\n\t\t\t\t\t\t<div class=\"elementor-container elementor-column-gap-default\">\n\t\t\t\t\t<div class=\"elementor-column elementor-col-100 elementor-top-column elementor-element elementor-element-e8ac8fc\" data-id=\"e8ac8fc\" data-element_type=\"column\">\n\t\t\t<div class=\"elementor-widget-wrap elementor-element-populated\">\n\t\t\t\t\t\t\t\t<div class=\"elementor-element elementor-element-0be6536 elementor-widget elementor-widget-image\" data-id=\"0be6536\" data-element_type=\"widget\" data-widget_type=\"image.default\">\n\t\t\t\t<div class=\"elementor-widget-container\">\n\t\t\t\t\t\t\t\t\t\t\t\t\t\t\t<img decoding=\"async\" src=\"https:\/\/acequiademarchena.com\/wp-content\/uploads\/2023\/06\/acequia-de-marchena-logo-2.png\" title=\"acequia-de-marchena-logo-2\" alt=\"acequia-de-marchena-logo-2\" loading=\"lazy\" \/>\t\t\t\t\t\t\t\t\t\t\t\t\t\t\t<\/div>\n\t\t\t\t<\/div>\n\t\t\t\t<div class=\"elementor-element elementor-element-c9b24e4 elementor-widget elementor-widget-heading\" data-id=\"c9b24e4\" data-element_type=\"widget\" data-widget_type=\"heading.default\">\n\t\t\t\t<div class=\"elementor-widget-container\">\n\t\t\t<h2 class=\"elementor-heading-title elementor-size-default\">La Comunidad de la Acequia de Marchena<\/h2>\t\t<\/div>\n\t\t\t\t<\/div>\n\t\t\t\t<div class=\"elementor-element elementor-element-79754ff elementor-widget elementor-widget-text-editor\" data-id=\"79754ff\" data-element_type=\"widget\" data-widget_type=\"text-editor.default\">\n\t\t\t\t<div class=\"elementor-widget-container\">\n\t\t\t<style>\/*! elementor - v3.13.3 - 28-05-2023 *\/\n.elementor-widget-text-editor.elementor-drop-cap-view-stacked .elementor-drop-cap{background-color:#69727d;color:#fff}.elementor-widget-text-editor.elementor-drop-cap-view-framed .elementor-drop-cap{color:#69727d;border:3px solid;background-color:transparent}.elementor-widget-text-editor:not(.elementor-drop-cap-view-default) .elementor-drop-cap{margin-top:8px}.elementor-widget-text-editor:not(.elementor-drop-cap-view-default) .elementor-drop-cap-letter{width:1em;height:1em}.elementor-widget-text-editor .elementor-drop-cap{float:left;text-align:center;line-height:1;font-size:50px}.elementor-widget-text-editor .elementor-drop-cap-letter{display:inline-block}<\/style>\t\t\t\t<p>La Comunidad de la Acequia de Marchena es una entidad que riega el Campo de Elche, de car\u00e1cter centenario con m\u00e1s de 8 siglos de actividad.<\/p><p>La propiedad y entidad de Aguas de Marchena ha sido refrendada en diferentes momentos de la historia por diferentes monarcas del momento, arrancando a finales del siglo XIII desde el Rey Jaime I de Arag\u00f3n en 1265, la Reina Juana de Castilla en 1469, el Rey Carlos I en 1528 o Felipe V en 1600.<\/p><p>Hermana menor de la Acequia Mayor del Pantano, con la que comparte un trayecto com\u00fan de agua, as\u00ed como la propiedad de Pantano de Elche en 1842 (venta del Ayuntamiento y Conde Casa Rojas) y la Titularidad de Bien de Inter\u00e9s Cultural en 1943, riega por un sofisticado sistema de canales, la margen derecha del R\u00edo Vinalop\u00f3.<\/p><p>El sistema de riego es de origen \u00e1rabe, como lo eran sus primitivos or\u00edgenes, aunque hay cierta controversia como apunta don Pedro Ibarra en sus escritos haciendo hincapi\u00e9 en un anterior inicio de origen romano.<\/p>\t\t\t\t\t\t<\/div>\n\t\t\t\t<\/div>\n\t\t\t\t<section class=\"elementor-section elementor-inner-section elementor-element elementor-element-8bcaebb elementor-section-boxed elementor-section-height-default elementor-section-height-default\" data-id=\"8bcaebb\" data-element_type=\"section\">\n\t\t\t\t\t\t<div class=\"elementor-container elementor-column-gap-default\">\n\t\t\t\t\t<div class=\"elementor-column elementor-col-50 elementor-inner-column elementor-element elementor-element-d5fa863\" data-id=\"d5fa863\" data-element_type=\"column\">\n\t\t\t<div class=\"elementor-widget-wrap elementor-element-populated\">\n\t\t\t\t\t\t\t\t<div class=\"elementor-element elementor-element-8dc879e elementor-widget elementor-widget-image\" data-id=\"8dc879e\" data-element_type=\"widget\" data-widget_type=\"image.default\">\n\t\t\t\t<div class=\"elementor-widget-container\">\n\t\t\t\t\t\t\t\t\t\t\t\t\t\t\t<img decoding=\"async\" width=\"800\" height=\"480\" src=\"https:\/\/acequiademarchena.com\/wp-content\/uploads\/2023\/06\/acequia-de-marchena-banner3.jpg\" class=\"attachment-large size-large wp-image-139\" alt=\"\" loading=\"lazy\" srcset=\"https:\/\/acequiademarchena.com\/wp-content\/uploads\/2023\/06\/acequia-de-marchena-banner3.jpg 1000w, https:\/\/acequiademarchena.com\/wp-content\/uploads\/2023\/06\/acequia-de-marchena-banner3-300x180.jpg 300w, https:\/\/acequiademarchena.com\/wp-content\/uploads\/2023\/06\/acequia-de-marchena-banner3-768x461.jpg 768w\" sizes=\"(max-width: 800px) 100vw, 800px\" \/>\t\t\t\t\t\t\t\t\t\t\t\t\t\t\t<\/div>\n\t\t\t\t<\/div>\n\t\t\t\t\t<\/div>\n\t\t<\/div>\n\t\t\t\t<div class=\"elementor-column elementor-col-50 elementor-inner-column elementor-element elementor-element-9c3915a\" data-id=\"9c3915a\" data-element_type=\"column\">\n\t\t\t<div class=\"elementor-widget-wrap elementor-element-populated\">\n\t\t\t\t\t\t\t\t<div class=\"elementor-element elementor-element-21e08d5 elementor-widget elementor-widget-text-editor\" data-id=\"21e08d5\" data-element_type=\"widget\" data-widget_type=\"text-editor.default\">\n\t\t\t\t<div class=\"elementor-widget-container\">\n\t\t\t\t\t\t\t<p>Con la Reconquista de Elche en 1265 los habitantes \u00e1rabes tuvieron que salir fuera de la Villa Murada, cedi\u00e9ndoseles los terrenos de la margen derecha del r\u00edo Vinalop\u00f3, del Magram y el agua de Marchena.<\/p><p>La Ciudad de Elche ha tenido y tiene secularmente una carest\u00eda de agua que ha fomentado bien su b\u00fasqueda en su propio t\u00e9rmino municipal, bien su traslado desde localidades lim\u00edtrofes, sin \u00e9xito en definitiva hasta primeros del siglo XX aproximadamente con el inicio del uso de la electricidad y elevaciones de agua.<\/p>\t\t\t\t\t\t<\/div>\n\t\t\t\t<\/div>\n\t\t\t\t\t<\/div>\n\t\t<\/div>\n\t\t\t\t\t\t\t<\/div>\n\t\t<\/section>\n\t\t\t\t<div class=\"elementor-element elementor-element-311b1d6 elementor-widget elementor-widget-text-editor\" data-id=\"311b1d6\" data-element_type=\"widget\" data-widget_type=\"text-editor.default\">\n\t\t\t\t<div class=\"elementor-widget-container\">\n\t\t\t\t\t\t\t<p>La presidencia de la Sociedad le corresponde al Sr Alcalde del Ayuntamiento de Elche si bien es el Vocal Comisario el que ejerce las funciones ejecutivas y representativas, de acuerdo con la Junta Directiva y la Junta General.<\/p><p>La acequia de Marchena se divide ya al sur de la ciudad en tres ramales: Penat, Catral y Orta. Francisco Javier Bru Ja\u00e9n, Comunero de la Acequia de Marchena.<\/p>\t\t\t\t\t\t<\/div>\n\t\t\t\t<\/div>\n\t\t\t\t\t<\/div>\n\t\t<\/div>\n\t\t\t\t\t\t\t<\/div>\n\t\t<\/section>\n\t\t\t\t<section class=\"elementor-section elementor-top-section elementor-element elementor-element-d3f8562 elementor-section-height-min-height elementor-section-stretched elementor-section-boxed elementor-section-height-default elementor-section-items-middle\" data-id=\"d3f8562\" data-element_type=\"section\" data-settings=\"{&quot;background_background&quot;:&quot;classic&quot;,&quot;stretch_section&quot;:&quot;section-stretched&quot;}\">\n\t\t\t\t\t\t<div class=\"elementor-container elementor-column-gap-default\">\n\t\t\t\t\t<div class=\"elementor-column elementor-col-100 elementor-top-column elementor-element elementor-element-fd8b2ad\" data-id=\"fd8b2ad\" data-element_type=\"column\">\n\t\t\t<div class=\"elementor-widget-wrap elementor-element-populated\">\n\t\t\t\t\t\t\t\t<div class=\"elementor-element elementor-element-51be601 elementor-absolute elementor-widget elementor-widget-text-editor\" data-id=\"51be601\" data-element_type=\"widget\" data-settings=\"{&quot;_position&quot;:&quot;absolute&quot;}\" data-widget_type=\"text-editor.default\">\n\t\t\t\t<div class=\"elementor-widget-container\">\n\t\t\t\t\t\t\t<h2 style=\"font-family: Playfair Display; color: #4a8283;\">El origen de las Aguas de Marchena<\/h2>\nSon todos los manantiales del r\u00edo Vinalop\u00f3, desde la parte superior de la Presa de Monforte hasta el Pantano de Elche, y del r\u00edo Tarafa, desde la presa de Percebal hasta su confluencia con el Vinalop\u00f3, adem\u00e1s de otras fuentes y alumbramientos y, suplementadas con aguas torrenciales y de avenidas, posibilitando de esta manera el riego tan necesario en el Campo de Elche con agua de calidad suficiente para el riego pero que progresivamente ha sido m\u00e1s salobre.\n\nDicha salobridad mejor\u00f3 al reconducir las aguas residuales de la margen derecha del rio Vinalop\u00f3 a la conducci\u00f3n por las que discurren las Aguas tradicionales de la Acequia de Marchena. La conducci\u00f3n de aguas es \u00fanica, compartida con la Acequia Mayor desde el Pantano de Elche por la margen izquierda del r\u00edo Vinalop\u00f3, hasta la bifurcaci\u00f3n de ambas acequias en el mol\u00ed del Centim, donde inicia ya con el nombre de Marchena y tras descender a la Rambla del rio lo cruza y ya discurre siempre por la margen derecha.\t\t\t\t\t\t<\/div>\n\t\t\t\t<\/div>\n\t\t\t\t\t<\/div>\n\t\t<\/div>\n\t\t\t\t\t\t\t<\/div>\n\t\t<\/section>\n\t\t\t\t<section class=\"elementor-section elementor-top-section elementor-element elementor-element-ddc1e76 elementor-section-content-middle elementor-section-boxed elementor-section-height-default elementor-section-height-default\" data-id=\"ddc1e76\" data-element_type=\"section\" data-settings=\"{&quot;background_background&quot;:&quot;classic&quot;}\">\n\t\t\t\t\t\t<div class=\"elementor-container elementor-column-gap-default\">\n\t\t\t\t\t<div class=\"elementor-column elementor-col-50 elementor-top-column elementor-element elementor-element-c1b9db8\" data-id=\"c1b9db8\" data-element_type=\"column\">\n\t\t\t<div class=\"elementor-widget-wrap elementor-element-populated\">\n\t\t\t\t\t\t\t\t<div class=\"elementor-element elementor-element-255a2df elementor-widget elementor-widget-image\" data-id=\"255a2df\" data-element_type=\"widget\" data-widget_type=\"image.default\">\n\t\t\t\t<div class=\"elementor-widget-container\">\n\t\t\t\t\t\t\t\t\t\t\t\t\t\t\t<img decoding=\"async\" width=\"800\" height=\"640\" src=\"https:\/\/acequiademarchena.com\/wp-content\/uploads\/2023\/06\/acequia-de-marchena-banner1-1.jpg\" class=\"attachment-large size-large wp-image-142\" alt=\"\" loading=\"lazy\" srcset=\"https:\/\/acequiademarchena.com\/wp-content\/uploads\/2023\/06\/acequia-de-marchena-banner1-1.jpg 1000w, https:\/\/acequiademarchena.com\/wp-content\/uploads\/2023\/06\/acequia-de-marchena-banner1-1-300x240.jpg 300w, https:\/\/acequiademarchena.com\/wp-content\/uploads\/2023\/06\/acequia-de-marchena-banner1-1-768x614.jpg 768w\" sizes=\"(max-width: 800px) 100vw, 800px\" \/>\t\t\t\t\t\t\t\t\t\t\t\t\t\t\t<\/div>\n\t\t\t\t<\/div>\n\t\t\t\t\t<\/div>\n\t\t<\/div>\n\t\t\t\t<div class=\"elementor-column elementor-col-50 elementor-top-column elementor-element elementor-element-bac0fe9\" data-id=\"bac0fe9\" data-element_type=\"column\">\n\t\t\t<div class=\"elementor-widget-wrap elementor-element-populated\">\n\t\t\t\t\t\t\t\t<div class=\"elementor-element elementor-element-e87b059 elementor-widget elementor-widget-text-editor\" data-id=\"e87b059\" data-element_type=\"widget\" data-widget_type=\"text-editor.default\">\n\t\t\t\t<div class=\"elementor-widget-container\">\n\t\t\t\t\t\t\t<p>La conducci\u00f3n de aguas es \u00fanica, compartida con la Acequia Mayor desde el Pantano de Elche por la margen izquierda del r\u00edo Vinalop\u00f3, hasta la bifurcaci\u00f3n de ambas acequias en el mol\u00ed del Centim, donde inicia ya con el nombre de Marchena y tras descender a la Rambla del r\u00edo lo cruza y ya discurre siempre por la margen derecha.<\/p>\t\t\t\t\t\t<\/div>\n\t\t\t\t<\/div>\n\t\t\t\t\t<\/div>\n\t\t<\/div>\n\t\t\t\t\t\t\t<\/div>\n\t\t<\/section>\n\t\t\t\t<section class=\"elementor-section elementor-top-section elementor-element elementor-element-ded9f15 elementor-section-content-middle elementor-reverse-mobile elementor-section-boxed elementor-section-height-default elementor-section-height-default\" data-id=\"ded9f15\" data-element_type=\"section\" data-settings=\"{&quot;background_background&quot;:&quot;classic&quot;}\">\n\t\t\t\t\t\t<div class=\"elementor-container elementor-column-gap-default\">\n\t\t\t\t\t<div class=\"elementor-column elementor-col-50 elementor-top-column elementor-element elementor-element-268aeca\" data-id=\"268aeca\" data-element_type=\"column\">\n\t\t\t<div class=\"elementor-widget-wrap elementor-element-populated\">\n\t\t\t\t\t\t\t\t<div class=\"elementor-element elementor-element-b7cb094 elementor-widget elementor-widget-text-editor\" data-id=\"b7cb094\" data-element_type=\"widget\" data-widget_type=\"text-editor.default\">\n\t\t\t\t<div class=\"elementor-widget-container\">\n\t\t\t\t\t\t\t<p>El caudal de agua se reparte en 138 hilos que corresponden cada uno a 6 horas de riego.<\/p><p>Se reconoce el dominio individual del agua siempre que conste en el Registro de la Propiedad del Partido y en el Libro de Gobierno de la Acequia.<\/p>\t\t\t\t\t\t<\/div>\n\t\t\t\t<\/div>\n\t\t\t\t\t<\/div>\n\t\t<\/div>\n\t\t\t\t<div class=\"elementor-column elementor-col-50 elementor-top-column elementor-element elementor-element-41bfba0\" data-id=\"41bfba0\" data-element_type=\"column\">\n\t\t\t<div class=\"elementor-widget-wrap elementor-element-populated\">\n\t\t\t\t\t\t\t\t<div class=\"elementor-element elementor-element-34efab5 elementor-widget elementor-widget-image\" data-id=\"34efab5\" data-element_type=\"widget\" data-widget_type=\"image.default\">\n\t\t\t\t<div class=\"elementor-widget-container\">\n\t\t\t\t\t\t\t\t\t\t\t\t\t\t\t<img decoding=\"async\" width=\"800\" height=\"640\" src=\"https:\/\/acequiademarchena.com\/wp-content\/uploads\/2023\/06\/acequia-de-marchena-banner1-1.jpg\" class=\"attachment-large size-large wp-image-142\" alt=\"\" loading=\"lazy\" srcset=\"https:\/\/acequiademarchena.com\/wp-content\/uploads\/2023\/06\/acequia-de-marchena-banner1-1.jpg 1000w, https:\/\/acequiademarchena.com\/wp-content\/uploads\/2023\/06\/acequia-de-marchena-banner1-1-300x240.jpg 300w, https:\/\/acequiademarchena.com\/wp-content\/uploads\/2023\/06\/acequia-de-marchena-banner1-1-768x614.jpg 768w\" sizes=\"(max-width: 800px) 100vw, 800px\" \/>\t\t\t\t\t\t\t\t\t\t\t\t\t\t\t<\/div>\n\t\t\t\t<\/div>\n\t\t\t\t\t<\/div>\n\t\t<\/div>\n\t\t\t\t\t\t\t<\/div>\n\t\t<\/section>\n\t\t\t\t<section class=\"elementor-section elementor-top-section elementor-element elementor-element-8434411 elementor-section-full_width elementor-section-height-default elementor-section-height-default\" data-id=\"8434411\" data-element_type=\"section\">\n\t\t\t\t\t\t<div class=\"elementor-container elementor-column-gap-default\">\n\t\t\t\t\t<div class=\"elementor-column elementor-col-100 elementor-top-column elementor-element elementor-element-28ef7f5\" data-id=\"28ef7f5\" data-element_type=\"column\" data-settings=\"{&quot;background_background&quot;:&quot;classic&quot;}\">\n\t\t\t<div class=\"elementor-widget-wrap elementor-element-populated\">\n\t\t\t\t\t\t\t\t<div class=\"elementor-element elementor-element-152853d elementor-widget elementor-widget-spacer\" data-id=\"152853d\" data-element_type=\"widget\" data-widget_type=\"spacer.default\">\n\t\t\t\t<div class=\"elementor-widget-container\">\n\t\t\t\t\t<div class=\"elementor-spacer\">\n\t\t\t<div class=\"elementor-spacer-inner\"><\/div>\n\t\t<\/div>\n\t\t\t\t<\/div>\n\t\t\t\t<\/div>\n\t\t\t\t\t<\/div>\n\t\t<\/div>\n\t\t\t\t\t\t\t<\/div>\n\t\t<\/section>\n\t\t\t\t<section class=\"elementor-section elementor-top-section elementor-element elementor-element-a6e068f elementor-section-boxed elementor-section-height-default elementor-section-height-default\" data-id=\"a6e068f\" data-element_type=\"section\" data-settings=\"{&quot;background_background&quot;:&quot;classic&quot;}\">\n\t\t\t\t\t\t<div class=\"elementor-container elementor-column-gap-default\">\n\t\t\t\t\t<div class=\"elementor-column elementor-col-100 elementor-top-column elementor-element elementor-element-8be4a64\" data-id=\"8be4a64\" data-element_type=\"column\" data-settings=\"{&quot;background_background&quot;:&quot;classic&quot;}\">\n\t\t\t<div class=\"elementor-widget-wrap elementor-element-populated\">\n\t\t\t\t\t\t\t\t<section class=\"elementor-section elementor-inner-section elementor-element elementor-element-deeea44 elementor-section-height-min-height elementor-section-boxed elementor-section-height-default\" data-id=\"deeea44\" data-element_type=\"section\" data-settings=\"{&quot;background_background&quot;:&quot;classic&quot;}\">\n\t\t\t\t\t\t<div class=\"elementor-container elementor-column-gap-default\">\n\t\t\t\t\t<div class=\"elementor-column elementor-col-100 elementor-inner-column elementor-element elementor-element-566252d\" data-id=\"566252d\" data-element_type=\"column\" data-settings=\"{&quot;background_background&quot;:&quot;classic&quot;}\">\n\t\t\t<div class=\"elementor-widget-wrap elementor-element-populated\">\n\t\t\t\t\t\t\t\t<div class=\"elementor-element elementor-element-75b1e33 elementor-widget elementor-widget-image\" data-id=\"75b1e33\" data-element_type=\"widget\" id=\"carta\" data-widget_type=\"image.default\">\n\t\t\t\t<div class=\"elementor-widget-container\">\n\t\t\t\t\t\t\t\t\t\t\t\t\t\t\t<img decoding=\"async\" src=\"https:\/\/acequiademarchena.com\/wp-content\/uploads\/2023\/06\/acequia-de-marchena-logo-3.png\" title=\"acequia-de-marchena-logo-3\" alt=\"acequia-de-marchena-logo-3\" loading=\"lazy\" \/>\t\t\t\t\t\t\t\t\t\t\t\t\t\t\t<\/div>\n\t\t\t\t<\/div>\n\t\t\t\t<div class=\"elementor-element elementor-element-7264773 elementor-widget elementor-widget-heading\" data-id=\"7264773\" data-element_type=\"widget\" data-widget_type=\"heading.default\">\n\t\t\t\t<div class=\"elementor-widget-container\">\n\t\t\t<h2 class=\"elementor-heading-title elementor-size-default\">La Acequia de Marchena <\/h2>\t\t<\/div>\n\t\t\t\t<\/div>\n\t\t\t\t<div class=\"elementor-element elementor-element-149da48 elementor-widget elementor-widget-text-editor\" data-id=\"149da48\" data-element_type=\"widget\" data-widget_type=\"text-editor.default\">\n\t\t\t\t<div class=\"elementor-widget-container\">\n\t\t\t\t\t\t\t<p>Perdura a lo largo de los siglos conduciendo el agua para el riego de los huertos de palmeras y el campo de Elche, en la margen derecha del r\u00edo Vinalop\u00f3, coexistiendo antiguas canalizaciones con entubamientos m\u00e1s recientes. Su trazado se evidencia en muchas zonas, dejando a la vista un patrimonio de gran valor hist\u00f3rico, cultural y arquitect\u00f3nico. El paso del tiempo, tambi\u00e9n el abandono y en ciertas ocasiones la implantaci\u00f3n o renovaci\u00f3n de las estructuras urbanas, han hecho mella en la red de nuestras acequias, especialmente en la zona urbana.<\/p><p>El objetivo, costoso pero necesario, que nos hemos fijado, es mantener y recuperar el patrimonio hidr\u00e1ulico de la Acequia de Marchena, sus construcciones, acueductos, canales, cajas y partidores, para poderlo transmitir en las mejores condiciones a las generaciones futuras y seguir as\u00ed desarrollando su funci\u00f3n de riego.<\/p><p>La actual Comunidad de Propietarios de las Aguas de la Acequia de Marchena agradec\u00e9 a las generaciones anteriores y al pueblo de Elche, su esfuerzo e inter\u00e9s que hizo posible el riego artificial, mediante las acequias y todas las construcciones asociadas, como el pantano, acueductos y partidores.<\/p>\t\t\t\t\t\t<\/div>\n\t\t\t\t<\/div>\n\t\t\t\t<div class=\"elementor-element elementor-element-d661c5e elementor-widget elementor-widget-heading\" data-id=\"d661c5e\" data-element_type=\"widget\" data-widget_type=\"heading.default\">\n\t\t\t\t<div class=\"elementor-widget-container\">\n\t\t\t<h2 class=\"elementor-heading-title elementor-size-default\">La Junta Directiva <\/h2>\t\t<\/div>\n\t\t\t\t<\/div>\n\t\t\t\t\t<\/div>\n\t\t<\/div>\n\t\t\t\t\t\t\t<\/div>\n\t\t<\/section>\n\t\t\t\t\t<\/div>\n\t\t<\/div>\n\t\t\t\t\t\t\t<\/div>\n\t\t<\/section>\n\t\t\t\t<section class=\"elementor-section elementor-top-section elementor-element elementor-element-7de9d84 elementor-section-full_width elementor-section-height-default elementor-section-height-default\" data-id=\"7de9d84\" data-element_type=\"section\" id=\"galeria\">\n\t\t\t\t\t\t<div class=\"elementor-container elementor-column-gap-default\">\n\t\t\t\t\t<div class=\"elementor-column elementor-col-100 elementor-top-column elementor-element elementor-element-d1d2202\" data-id=\"d1d2202\" data-element_type=\"column\">\n\t\t\t<div class=\"elementor-widget-wrap elementor-element-populated\">\n\t\t\t\t\t\t\t\t<div class=\"elementor-element elementor-element-8e10f9b elementor-widget elementor-widget-heading\" data-id=\"8e10f9b\" data-element_type=\"widget\" id=\"galeria\" data-widget_type=\"heading.default\">\n\t\t\t\t<div class=\"elementor-widget-container\">\n\t\t\t<h2 class=\"elementor-heading-title elementor-size-default\">Galer\u00eda<\/h2>\t\t<\/div>\n\t\t\t\t<\/div>\n\t\t\t\t\t<\/div>\n\t\t<\/div>\n\t\t\t\t\t\t\t<\/div>\n\t\t<\/section>\n\t\t\t\t<section class=\"elementor-section elementor-top-section elementor-element elementor-element-5011fc2 elementor-section-boxed elementor-section-height-default elementor-section-height-default\" data-id=\"5011fc2\" data-element_type=\"section\">\n\t\t\t\t\t\t<div class=\"elementor-container elementor-column-gap-default\">\n\t\t\t\t\t<div class=\"elementor-column elementor-col-100 elementor-top-column elementor-element elementor-element-4fb921b\" data-id=\"4fb921b\" data-element_type=\"column\">\n\t\t\t<div class=\"elementor-widget-wrap elementor-element-populated\">\n\t\t\t\t\t\t\t\t<div class=\"elementor-element elementor-element-8c088b1 elementor-widget elementor-widget-gallery\" data-id=\"8c088b1\" data-element_type=\"widget\" data-settings=\"{&quot;gallery_layout&quot;:&quot;masonry&quot;,&quot;columns&quot;:3,&quot;gap&quot;:{&quot;unit&quot;:&quot;px&quot;,&quot;size&quot;:0,&quot;sizes&quot;:[]},&quot;overlay_title&quot;:&quot;title&quot;,&quot;lazyload&quot;:&quot;yes&quot;,&quot;columns_tablet&quot;:2,&quot;columns_mobile&quot;:1,&quot;gap_widescreen&quot;:{&quot;unit&quot;:&quot;px&quot;,&quot;size&quot;:&quot;&quot;,&quot;sizes&quot;:[]},&quot;gap_laptop&quot;:{&quot;unit&quot;:&quot;px&quot;,&quot;size&quot;:10,&quot;sizes&quot;:[]},&quot;gap_tablet&quot;:{&quot;unit&quot;:&quot;px&quot;,&quot;size&quot;:10,&quot;sizes&quot;:[]},&quot;gap_mobile&quot;:{&quot;unit&quot;:&quot;px&quot;,&quot;size&quot;:10,&quot;sizes&quot;:[]},&quot;link_to&quot;:&quot;file&quot;,&quot;overlay_background&quot;:&quot;yes&quot;,&quot;content_hover_animation&quot;:&quot;fade-in&quot;}\" data-widget_type=\"gallery.default\">\n\t\t\t\t<div class=\"elementor-widget-container\">\n\t\t\t<style>\/*! elementor-pro - v3.13.2 - 22-05-2023 *\/\n.elementor-gallery__container{min-height:1px}.elementor-gallery-item{position:relative;overflow:hidden;display:block;text-decoration:none;border:solid var(--image-border-width) var(--image-border-color);border-radius:var(--image-border-radius)}.elementor-gallery-item__content,.elementor-gallery-item__overlay{height:100%;width:100%;position:absolute;top:0;left:0}.elementor-gallery-item__overlay{mix-blend-mode:var(--overlay-mix-blend-mode);transition-duration:var(--overlay-transition-duration);transition-property:mix-blend-mode,transform,opacity,background-color}.elementor-gallery-item__image.e-gallery-image{transition-duration:var(--image-transition-duration);transition-property:filter,transform}.elementor-gallery-item__content{display:flex;flex-direction:column;justify-content:var(--content-justify-content,center);align-items:center;text-align:var(--content-text-align);padding:var(--content-padding)}.elementor-gallery-item__content>div{transition-duration:var(--content-transition-duration)}.elementor-gallery-item__content.elementor-gallery--sequenced-animation>div:nth-child(2){transition-delay:calc(var(--content-transition-delay) \/ 3)}.elementor-gallery-item__content.elementor-gallery--sequenced-animation>div:nth-child(3){transition-delay:calc(var(--content-transition-delay) \/ 3 * 2)}.elementor-gallery-item__content.elementor-gallery--sequenced-animation>div:nth-child(4){transition-delay:calc(var(--content-transition-delay) \/ 3 * 3)}.elementor-gallery-item__description{color:var(--description-text-color,#fff);width:100%}.elementor-gallery-item__title{color:var(--title-text-color,#fff);font-weight:700;width:100%}.elementor-gallery__titles-container{display:flex;flex-wrap:wrap;justify-content:var(--titles-container-justify-content,center);margin-bottom:20px}.elementor-gallery__titles-container:not(.e--pointer-framed) .elementor-item:after,.elementor-gallery__titles-container:not(.e--pointer-framed) .elementor-item:before{background-color:var(--galleries-pointer-bg-color-hover)}.elementor-gallery__titles-container:not(.e--pointer-framed) .elementor-item.elementor-item-active:after,.elementor-gallery__titles-container:not(.e--pointer-framed) .elementor-item.elementor-item-active:before{background-color:var(--galleries-pointer-bg-color-active)}.elementor-gallery__titles-container.e--pointer-framed .elementor-item:before{border-color:var(--galleries-pointer-bg-color-hover);border-width:var(--galleries-pointer-border-width)}.elementor-gallery__titles-container.e--pointer-framed .elementor-item:after{border-color:var(--galleries-pointer-bg-color-hover)}.elementor-gallery__titles-container.e--pointer-framed .elementor-item.elementor-item-active:after,.elementor-gallery__titles-container.e--pointer-framed .elementor-item.elementor-item-active:before{border-color:var(--galleries-pointer-bg-color-active)}.elementor-gallery__titles-container.e--pointer-framed.e--animation-draw .elementor-item:before{border-left-width:var(--galleries-pointer-border-width);border-bottom-width:var(--galleries-pointer-border-width);border-right-width:0;border-top-width:0}.elementor-gallery__titles-container.e--pointer-framed.e--animation-draw .elementor-item:after{border-left-width:0;border-bottom-width:0;border-right-width:var(--galleries-pointer-border-width);border-top-width:var(--galleries-pointer-border-width)}.elementor-gallery__titles-container.e--pointer-framed.e--animation-corners .elementor-item:before{border-left-width:var(--galleries-pointer-border-width);border-bottom-width:0;border-right-width:0;border-top-width:var(--galleries-pointer-border-width)}.elementor-gallery__titles-container.e--pointer-framed.e--animation-corners .elementor-item:after{border-left-width:0;border-bottom-width:var(--galleries-pointer-border-width);border-right-width:var(--galleries-pointer-border-width);border-top-width:0}.elementor-gallery__titles-container .e--pointer-double-line .elementor-item:after,.elementor-gallery__titles-container .e--pointer-double-line .elementor-item:before,.elementor-gallery__titles-container .e--pointer-overline .elementor-item:before,.elementor-gallery__titles-container .e--pointer-underline .elementor-item:after{height:var(--galleries-pointer-border-width)}.elementor-gallery-title{--space-between:10px;cursor:pointer;color:#6d7882;font-weight:500;position:relative;padding:7px 14px;transition:all .3s}.elementor-gallery-title--active{color:#495157}.elementor-gallery-title:not(:last-child){margin-right:var(--space-between)}.elementor-gallery-item__title+.elementor-gallery-item__description{margin-top:var(--description-margin-top)}.e-gallery-item.elementor-gallery-item{transition-property:all}.e-gallery-item.elementor-animated-content .elementor-animated-item--enter-from-bottom,.e-gallery-item.elementor-animated-content .elementor-animated-item--enter-from-left,.e-gallery-item.elementor-animated-content .elementor-animated-item--enter-from-right,.e-gallery-item.elementor-animated-content .elementor-animated-item--enter-from-top,.e-gallery-item:focus .elementor-gallery__item-overlay-bg,.e-gallery-item:focus .elementor-gallery__item-overlay-content,.e-gallery-item:focus .elementor-gallery__item-overlay-content__description,.e-gallery-item:focus .elementor-gallery__item-overlay-content__title,.e-gallery-item:hover .elementor-gallery__item-overlay-bg,.e-gallery-item:hover .elementor-gallery__item-overlay-content,.e-gallery-item:hover .elementor-gallery__item-overlay-content__description,.e-gallery-item:hover .elementor-gallery__item-overlay-content__title{opacity:1}a.elementor-item.elementor-gallery-title{color:var(--galleries-title-color-normal)}a.elementor-item.elementor-gallery-title.elementor-item-active,a.elementor-item.elementor-gallery-title.highlighted,a.elementor-item.elementor-gallery-title:focus,a.elementor-item.elementor-gallery-title:hover{color:var(--galleries-title-color-hover)}a.elementor-item.elementor-gallery-title.elementor-item-active{color:var(--gallery-title-color-active)}.e-con-inner>.elementor-widget-gallery,.e-con>.elementor-widget-gallery{width:var(--container-widget-width);--flex-grow:var(--container-widget-flex-grow)}<\/style>\t\t<div class=\"elementor-gallery__container\">\n\t\t\t\t\t\t\t<a class=\"e-gallery-item elementor-gallery-item elementor-animated-content\" href=\"https:\/\/acequiademarchena.com\/wp-content\/uploads\/2023\/06\/02-last.jpg\" data-elementor-open-lightbox=\"yes\" data-elementor-lightbox-slideshow=\"all-8c088b1\" data-elementor-lightbox-title=\"BIFURCACI\u00d3N DE LAS ACEQUIAS MAYOR Y MARCHENA\" data-e-action-hash=\"#elementor-action%3Aaction%3Dlightbox%26settings%3DeyJpZCI6MzA2LCJ1cmwiOiJodHRwczpcL1wvYWNlcXVpYWRlbWFyY2hlbmEuY29tXC93cC1jb250ZW50XC91cGxvYWRzXC8yMDIzXC8wNlwvMDItbGFzdC5qcGciLCJzbGlkZXNob3ciOiJhbGwtOGMwODhiMSJ9\">\n\t\t\t\t\t<div class=\"e-gallery-image elementor-gallery-item__image\" data-thumbnail=\"https:\/\/acequiademarchena.com\/wp-content\/uploads\/2023\/06\/02-last.jpg\" data-width=\"506\" data-height=\"900\" aria-label=\"\" role=\"img\" ><\/div>\n\t\t\t\t\t\t\t\t\t\t\t<div class=\"elementor-gallery-item__overlay\"><\/div>\n\t\t\t\t\t\t\t\t\t\t\t\t\t\t\t<div class=\"elementor-gallery-item__content\">\n\t\t\t\t\t\t\t\t\t\t\t\t\t\t<div class=\"elementor-gallery-item__title\">\n\t\t\t\t\t\t\t\t\t\t\t\t\t\t\t\t\t\tBIFURCACI\u00d3N DE LAS ACEQUIAS MAYOR Y MARCHENA\t\t\t\t\t\t\t\t<\/div>\n\t\t\t\t\t\t\t\t\t\t\t\t<\/div>\n\t\t\t\t\t\t\t\t\t<\/a>\n\t\t\t\t\t\t\t<a class=\"e-gallery-item elementor-gallery-item elementor-animated-content\" href=\"https:\/\/acequiademarchena.com\/wp-content\/uploads\/2023\/06\/03-last.jpg\" data-elementor-open-lightbox=\"yes\" data-elementor-lightbox-slideshow=\"all-8c088b1\" data-elementor-lightbox-title=\"BIFURCACI\u00d3N\" data-e-action-hash=\"#elementor-action%3Aaction%3Dlightbox%26settings%3DeyJpZCI6MzA1LCJ1cmwiOiJodHRwczpcL1wvYWNlcXVpYWRlbWFyY2hlbmEuY29tXC93cC1jb250ZW50XC91cGxvYWRzXC8yMDIzXC8wNlwvMDMtbGFzdC5qcGciLCJzbGlkZXNob3ciOiJhbGwtOGMwODhiMSJ9\">\n\t\t\t\t\t<div class=\"e-gallery-image elementor-gallery-item__image\" data-thumbnail=\"https:\/\/acequiademarchena.com\/wp-content\/uploads\/2023\/06\/03-last.jpg\" data-width=\"506\" data-height=\"900\" aria-label=\"\" role=\"img\" ><\/div>\n\t\t\t\t\t\t\t\t\t\t\t<div class=\"elementor-gallery-item__overlay\"><\/div>\n\t\t\t\t\t\t\t\t\t\t\t\t\t\t\t<div class=\"elementor-gallery-item__content\">\n\t\t\t\t\t\t\t\t\t\t\t\t\t\t<div class=\"elementor-gallery-item__title\">\n\t\t\t\t\t\t\t\t\t\t\t\t\t\t\t\t\t\tBIFURCACI\u00d3N\t\t\t\t\t\t\t\t<\/div>\n\t\t\t\t\t\t\t\t\t\t\t\t<\/div>\n\t\t\t\t\t\t\t\t\t<\/a>\n\t\t\t\t\t\t\t<a class=\"e-gallery-item elementor-gallery-item elementor-animated-content\" href=\"https:\/\/acequiademarchena.com\/wp-content\/uploads\/2023\/06\/04-last.jpg\" data-elementor-open-lightbox=\"yes\" data-elementor-lightbox-slideshow=\"all-8c088b1\" data-elementor-lightbox-title=\"CONO DE BAJADA EN MOLI DEL CENTIM\" data-e-action-hash=\"#elementor-action%3Aaction%3Dlightbox%26settings%3DeyJpZCI6MzA0LCJ1cmwiOiJodHRwczpcL1wvYWNlcXVpYWRlbWFyY2hlbmEuY29tXC93cC1jb250ZW50XC91cGxvYWRzXC8yMDIzXC8wNlwvMDQtbGFzdC5qcGciLCJzbGlkZXNob3ciOiJhbGwtOGMwODhiMSJ9\">\n\t\t\t\t\t<div class=\"e-gallery-image elementor-gallery-item__image\" data-thumbnail=\"https:\/\/acequiademarchena.com\/wp-content\/uploads\/2023\/06\/04-last.jpg\" data-width=\"506\" data-height=\"900\" aria-label=\"\" role=\"img\" ><\/div>\n\t\t\t\t\t\t\t\t\t\t\t<div class=\"elementor-gallery-item__overlay\"><\/div>\n\t\t\t\t\t\t\t\t\t\t\t\t\t\t\t<div class=\"elementor-gallery-item__content\">\n\t\t\t\t\t\t\t\t\t\t\t\t\t\t<div class=\"elementor-gallery-item__title\">\n\t\t\t\t\t\t\t\t\t\t\t\t\t\t\t\t\t\tCONO DE BAJADA EN MOLI DEL CENTIM\t\t\t\t\t\t\t\t<\/div>\n\t\t\t\t\t\t\t\t\t\t\t\t<\/div>\n\t\t\t\t\t\t\t\t\t<\/a>\n\t\t\t\t\t\t\t<a class=\"e-gallery-item elementor-gallery-item elementor-animated-content\" href=\"https:\/\/acequiademarchena.com\/wp-content\/uploads\/2023\/06\/05.jpeg\" data-elementor-open-lightbox=\"yes\" data-elementor-lightbox-slideshow=\"all-8c088b1\" data-elementor-lightbox-title=\"CONO DE BAJADA Y RAFA NOVA AL FONDO\" data-e-action-hash=\"#elementor-action%3Aaction%3Dlightbox%26settings%3DeyJpZCI6MzEzLCJ1cmwiOiJodHRwczpcL1wvYWNlcXVpYWRlbWFyY2hlbmEuY29tXC93cC1jb250ZW50XC91cGxvYWRzXC8yMDIzXC8wNlwvMDUuanBlZyIsInNsaWRlc2hvdyI6ImFsbC04YzA4OGIxIn0%3D\">\n\t\t\t\t\t<div class=\"e-gallery-image elementor-gallery-item__image\" data-thumbnail=\"https:\/\/acequiademarchena.com\/wp-content\/uploads\/2023\/06\/05.jpeg\" data-width=\"2048\" data-height=\"1152\" aria-label=\"\" role=\"img\" ><\/div>\n\t\t\t\t\t\t\t\t\t\t\t<div class=\"elementor-gallery-item__overlay\"><\/div>\n\t\t\t\t\t\t\t\t\t\t\t\t\t\t\t<div class=\"elementor-gallery-item__content\">\n\t\t\t\t\t\t\t\t\t\t\t\t\t\t<div class=\"elementor-gallery-item__title\">\n\t\t\t\t\t\t\t\t\t\t\t\t\t\t\t\t\t\tCONO DE BAJADA Y RAFA NOVA AL FONDO\t\t\t\t\t\t\t\t<\/div>\n\t\t\t\t\t\t\t\t\t\t\t\t<\/div>\n\t\t\t\t\t\t\t\t\t<\/a>\n\t\t\t\t\t\t\t<a class=\"e-gallery-item elementor-gallery-item elementor-animated-content\" href=\"https:\/\/acequiademarchena.com\/wp-content\/uploads\/2023\/06\/06.jpeg\" data-elementor-open-lightbox=\"yes\" data-elementor-lightbox-slideshow=\"all-8c088b1\" data-elementor-lightbox-title=\"ENTORNO CONO Y RESTOS MOLI\" data-e-action-hash=\"#elementor-action%3Aaction%3Dlightbox%26settings%3DeyJpZCI6MzE0LCJ1cmwiOiJodHRwczpcL1wvYWNlcXVpYWRlbWFyY2hlbmEuY29tXC93cC1jb250ZW50XC91cGxvYWRzXC8yMDIzXC8wNlwvMDYuanBlZyIsInNsaWRlc2hvdyI6ImFsbC04YzA4OGIxIn0%3D\">\n\t\t\t\t\t<div class=\"e-gallery-image elementor-gallery-item__image\" data-thumbnail=\"https:\/\/acequiademarchena.com\/wp-content\/uploads\/2023\/06\/06.jpeg\" data-width=\"2048\" data-height=\"1152\" aria-label=\"\" role=\"img\" ><\/div>\n\t\t\t\t\t\t\t\t\t\t\t<div class=\"elementor-gallery-item__overlay\"><\/div>\n\t\t\t\t\t\t\t\t\t\t\t\t\t\t\t<div class=\"elementor-gallery-item__content\">\n\t\t\t\t\t\t\t\t\t\t\t\t\t\t<div class=\"elementor-gallery-item__title\">\n\t\t\t\t\t\t\t\t\t\t\t\t\t\t\t\t\t\tENTORNO CONO Y RESTOS MOLI\t\t\t\t\t\t\t\t<\/div>\n\t\t\t\t\t\t\t\t\t\t\t\t<\/div>\n\t\t\t\t\t\t\t\t\t<\/a>\n\t\t\t\t\t\t\t<a class=\"e-gallery-item elementor-gallery-item elementor-animated-content\" href=\"https:\/\/acequiademarchena.com\/wp-content\/uploads\/2023\/06\/07.jpg\" data-elementor-open-lightbox=\"yes\" data-elementor-lightbox-slideshow=\"all-8c088b1\" data-elementor-lightbox-title=\"ACEQUIA EN LADERA VINALOPO BAJO MERCADO PROVISIONAL\" data-e-action-hash=\"#elementor-action%3Aaction%3Dlightbox%26settings%3DeyJpZCI6MzE1LCJ1cmwiOiJodHRwczpcL1wvYWNlcXVpYWRlbWFyY2hlbmEuY29tXC93cC1jb250ZW50XC91cGxvYWRzXC8yMDIzXC8wNlwvMDcuanBnIiwic2xpZGVzaG93IjoiYWxsLThjMDg4YjEifQ%3D%3D\">\n\t\t\t\t\t<div class=\"e-gallery-image elementor-gallery-item__image\" data-thumbnail=\"https:\/\/acequiademarchena.com\/wp-content\/uploads\/2023\/06\/07.jpg\" data-width=\"900\" data-height=\"1600\" aria-label=\"\" role=\"img\" ><\/div>\n\t\t\t\t\t\t\t\t\t\t\t<div class=\"elementor-gallery-item__overlay\"><\/div>\n\t\t\t\t\t\t\t\t\t\t\t\t\t\t\t<div class=\"elementor-gallery-item__content\">\n\t\t\t\t\t\t\t\t\t\t\t\t\t\t<div class=\"elementor-gallery-item__title\">\n\t\t\t\t\t\t\t\t\t\t\t\t\t\t\t\t\t\tACEQUIA EN LADERA VINALOPO BAJO MERCADO PROVISIONAL\t\t\t\t\t\t\t\t<\/div>\n\t\t\t\t\t\t\t\t\t\t\t\t<\/div>\n\t\t\t\t\t\t\t\t\t<\/a>\n\t\t\t\t\t\t\t<a class=\"e-gallery-item elementor-gallery-item elementor-animated-content\" href=\"https:\/\/acequiademarchena.com\/wp-content\/uploads\/2023\/06\/08.jpg\" data-elementor-open-lightbox=\"yes\" data-elementor-lightbox-slideshow=\"all-8c088b1\" data-elementor-lightbox-title=\"CAJA ACEQUIA AL SUR DEL PUENTE DE BARRACHINA\" data-e-action-hash=\"#elementor-action%3Aaction%3Dlightbox%26settings%3DeyJpZCI6MzE4LCJ1cmwiOiJodHRwczpcL1wvYWNlcXVpYWRlbWFyY2hlbmEuY29tXC93cC1jb250ZW50XC91cGxvYWRzXC8yMDIzXC8wNlwvMDguanBnIiwic2xpZGVzaG93IjoiYWxsLThjMDg4YjEifQ%3D%3D\">\n\t\t\t\t\t<div class=\"e-gallery-image elementor-gallery-item__image\" data-thumbnail=\"https:\/\/acequiademarchena.com\/wp-content\/uploads\/2023\/06\/08.jpg\" data-width=\"900\" data-height=\"1600\" aria-label=\"\" role=\"img\" ><\/div>\n\t\t\t\t\t\t\t\t\t\t\t<div class=\"elementor-gallery-item__overlay\"><\/div>\n\t\t\t\t\t\t\t\t\t\t\t\t\t\t\t<div class=\"elementor-gallery-item__content\">\n\t\t\t\t\t\t\t\t\t\t\t\t\t\t<div class=\"elementor-gallery-item__title\">\n\t\t\t\t\t\t\t\t\t\t\t\t\t\t\t\t\t\tCAJA ACEQUIA AL SUR DEL PUENTE DE BARRACHINA\t\t\t\t\t\t\t\t<\/div>\n\t\t\t\t\t\t\t\t\t\t\t\t<\/div>\n\t\t\t\t\t\t\t\t\t<\/a>\n\t\t\t\t\t\t\t<a class=\"e-gallery-item elementor-gallery-item elementor-animated-content\" href=\"https:\/\/acequiademarchena.com\/wp-content\/uploads\/2023\/06\/09.jpg\" data-elementor-open-lightbox=\"yes\" data-elementor-lightbox-slideshow=\"all-8c088b1\" data-elementor-lightbox-title=\"ACUEDUCTO EN BARRANCO DE LOS ARCOS. BRAZAL PENAT\" data-e-action-hash=\"#elementor-action%3Aaction%3Dlightbox%26settings%3DeyJpZCI6MzE2LCJ1cmwiOiJodHRwczpcL1wvYWNlcXVpYWRlbWFyY2hlbmEuY29tXC93cC1jb250ZW50XC91cGxvYWRzXC8yMDIzXC8wNlwvMDkuanBnIiwic2xpZGVzaG93IjoiYWxsLThjMDg4YjEifQ%3D%3D\">\n\t\t\t\t\t<div class=\"e-gallery-image elementor-gallery-item__image\" data-thumbnail=\"https:\/\/acequiademarchena.com\/wp-content\/uploads\/2023\/06\/09.jpg\" data-width=\"1600\" data-height=\"900\" aria-label=\"\" role=\"img\" ><\/div>\n\t\t\t\t\t\t\t\t\t\t\t<div class=\"elementor-gallery-item__overlay\"><\/div>\n\t\t\t\t\t\t\t\t\t\t\t\t\t\t\t<div class=\"elementor-gallery-item__content\">\n\t\t\t\t\t\t\t\t\t\t\t\t\t\t<div class=\"elementor-gallery-item__title\">\n\t\t\t\t\t\t\t\t\t\t\t\t\t\t\t\t\t\tACUEDUCTO EN BARRANCO DE LOS ARCOS. BRAZAL PENAT\t\t\t\t\t\t\t\t<\/div>\n\t\t\t\t\t\t\t\t\t\t\t\t<\/div>\n\t\t\t\t\t\t\t\t\t<\/a>\n\t\t\t\t\t\t\t<a class=\"e-gallery-item elementor-gallery-item elementor-animated-content\" href=\"https:\/\/acequiademarchena.com\/wp-content\/uploads\/2023\/06\/10.jpg\" data-elementor-open-lightbox=\"yes\" data-elementor-lightbox-slideshow=\"all-8c088b1\" data-elementor-lightbox-title=\"DETALLE ARCO\" data-e-action-hash=\"#elementor-action%3Aaction%3Dlightbox%26settings%3DeyJpZCI6MzE3LCJ1cmwiOiJodHRwczpcL1wvYWNlcXVpYWRlbWFyY2hlbmEuY29tXC93cC1jb250ZW50XC91cGxvYWRzXC8yMDIzXC8wNlwvMTAuanBnIiwic2xpZGVzaG93IjoiYWxsLThjMDg4YjEifQ%3D%3D\">\n\t\t\t\t\t<div class=\"e-gallery-image elementor-gallery-item__image\" data-thumbnail=\"https:\/\/acequiademarchena.com\/wp-content\/uploads\/2023\/06\/10.jpg\" data-width=\"900\" data-height=\"1600\" aria-label=\"\" role=\"img\" ><\/div>\n\t\t\t\t\t\t\t\t\t\t\t<div class=\"elementor-gallery-item__overlay\"><\/div>\n\t\t\t\t\t\t\t\t\t\t\t\t\t\t\t<div class=\"elementor-gallery-item__content\">\n\t\t\t\t\t\t\t\t\t\t\t\t\t\t<div class=\"elementor-gallery-item__title\">\n\t\t\t\t\t\t\t\t\t\t\t\t\t\t\t\t\t\tDETALLE ARCO\t\t\t\t\t\t\t\t<\/div>\n\t\t\t\t\t\t\t\t\t\t\t\t<\/div>\n\t\t\t\t\t\t\t\t\t<\/a>\n\t\t\t\t\t\t\t<a class=\"e-gallery-item elementor-gallery-item elementor-animated-content\" href=\"https:\/\/acequiademarchena.com\/wp-content\/uploads\/2023\/06\/11.jpg\" data-elementor-open-lightbox=\"yes\" data-elementor-lightbox-slideshow=\"all-8c088b1\" data-elementor-lightbox-title=\"NUEVAS INSTALACIONES EN CARRETERA DEL LEON\" data-e-action-hash=\"#elementor-action%3Aaction%3Dlightbox%26settings%3DeyJpZCI6MzI0LCJ1cmwiOiJodHRwczpcL1wvYWNlcXVpYWRlbWFyY2hlbmEuY29tXC93cC1jb250ZW50XC91cGxvYWRzXC8yMDIzXC8wNlwvMTEuanBnIiwic2xpZGVzaG93IjoiYWxsLThjMDg4YjEifQ%3D%3D\">\n\t\t\t\t\t<div class=\"e-gallery-image elementor-gallery-item__image\" data-thumbnail=\"https:\/\/acequiademarchena.com\/wp-content\/uploads\/2023\/06\/11.jpg\" data-width=\"2048\" data-height=\"1152\" aria-label=\"\" role=\"img\" ><\/div>\n\t\t\t\t\t\t\t\t\t\t\t<div class=\"elementor-gallery-item__overlay\"><\/div>\n\t\t\t\t\t\t\t\t\t\t\t\t\t\t\t<div class=\"elementor-gallery-item__content\">\n\t\t\t\t\t\t\t\t\t\t\t\t\t\t<div class=\"elementor-gallery-item__title\">\n\t\t\t\t\t\t\t\t\t\t\t\t\t\t\t\t\t\tNUEVAS INSTALACIONES EN CARRETERA DEL LEON\t\t\t\t\t\t\t\t<\/div>\n\t\t\t\t\t\t\t\t\t\t\t\t<\/div>\n\t\t\t\t\t\t\t\t\t<\/a>\n\t\t\t\t\t\t\t<a class=\"e-gallery-item elementor-gallery-item elementor-animated-content\" href=\"https:\/\/acequiademarchena.com\/wp-content\/uploads\/2023\/06\/12.jpg\" data-elementor-open-lightbox=\"yes\" data-elementor-lightbox-slideshow=\"all-8c088b1\" data-elementor-lightbox-title=\"BALSA\" data-e-action-hash=\"#elementor-action%3Aaction%3Dlightbox%26settings%3DeyJpZCI6MzE5LCJ1cmwiOiJodHRwczpcL1wvYWNlcXVpYWRlbWFyY2hlbmEuY29tXC93cC1jb250ZW50XC91cGxvYWRzXC8yMDIzXC8wNlwvMTIuanBnIiwic2xpZGVzaG93IjoiYWxsLThjMDg4YjEifQ%3D%3D\">\n\t\t\t\t\t<div class=\"e-gallery-image elementor-gallery-item__image\" data-thumbnail=\"https:\/\/acequiademarchena.com\/wp-content\/uploads\/2023\/06\/12.jpg\" data-width=\"2048\" data-height=\"1152\" aria-label=\"\" role=\"img\" ><\/div>\n\t\t\t\t\t\t\t\t\t\t\t<div class=\"elementor-gallery-item__overlay\"><\/div>\n\t\t\t\t\t\t\t\t\t\t\t\t\t\t\t<div class=\"elementor-gallery-item__content\">\n\t\t\t\t\t\t\t\t\t\t\t\t\t\t<div class=\"elementor-gallery-item__title\">\n\t\t\t\t\t\t\t\t\t\t\t\t\t\t\t\t\t\tBALSA\t\t\t\t\t\t\t\t<\/div>\n\t\t\t\t\t\t\t\t\t\t\t\t<\/div>\n\t\t\t\t\t\t\t\t\t<\/a>\n\t\t\t\t\t\t\t<a class=\"e-gallery-item elementor-gallery-item elementor-animated-content\" href=\"https:\/\/acequiademarchena.com\/wp-content\/uploads\/2023\/06\/13.jpg\" data-elementor-open-lightbox=\"yes\" data-elementor-lightbox-slideshow=\"all-8c088b1\" data-elementor-lightbox-title=\"PARADA DE SANT JOAN. BRAZAL ORTA\" data-e-action-hash=\"#elementor-action%3Aaction%3Dlightbox%26settings%3DeyJpZCI6MzIwLCJ1cmwiOiJodHRwczpcL1wvYWNlcXVpYWRlbWFyY2hlbmEuY29tXC93cC1jb250ZW50XC91cGxvYWRzXC8yMDIzXC8wNlwvMTMuanBnIiwic2xpZGVzaG93IjoiYWxsLThjMDg4YjEifQ%3D%3D\">\n\t\t\t\t\t<div class=\"e-gallery-image elementor-gallery-item__image\" data-thumbnail=\"https:\/\/acequiademarchena.com\/wp-content\/uploads\/2023\/06\/13.jpg\" data-width=\"1600\" data-height=\"900\" aria-label=\"\" role=\"img\" ><\/div>\n\t\t\t\t\t\t\t\t\t\t\t<div class=\"elementor-gallery-item__overlay\"><\/div>\n\t\t\t\t\t\t\t\t\t\t\t\t\t\t\t<div class=\"elementor-gallery-item__content\">\n\t\t\t\t\t\t\t\t\t\t\t\t\t\t<div class=\"elementor-gallery-item__title\">\n\t\t\t\t\t\t\t\t\t\t\t\t\t\t\t\t\t\tPARADA DE SANT JOAN. BRAZAL ORTA\t\t\t\t\t\t\t\t<\/div>\n\t\t\t\t\t\t\t\t\t\t\t\t<\/div>\n\t\t\t\t\t\t\t\t\t<\/a>\n\t\t\t\t\t\t\t<a class=\"e-gallery-item elementor-gallery-item elementor-animated-content\" href=\"https:\/\/acequiademarchena.com\/wp-content\/uploads\/2023\/06\/14.jpg\" data-elementor-open-lightbox=\"yes\" data-elementor-lightbox-slideshow=\"all-8c088b1\" data-elementor-lightbox-title=\"CANALES DE IRLES. BRAZAL ORTA\" data-e-action-hash=\"#elementor-action%3Aaction%3Dlightbox%26settings%3DeyJpZCI6MzIxLCJ1cmwiOiJodHRwczpcL1wvYWNlcXVpYWRlbWFyY2hlbmEuY29tXC93cC1jb250ZW50XC91cGxvYWRzXC8yMDIzXC8wNlwvMTQuanBnIiwic2xpZGVzaG93IjoiYWxsLThjMDg4YjEifQ%3D%3D\">\n\t\t\t\t\t<div class=\"e-gallery-image elementor-gallery-item__image\" data-thumbnail=\"https:\/\/acequiademarchena.com\/wp-content\/uploads\/2023\/06\/14.jpg\" data-width=\"1600\" data-height=\"900\" aria-label=\"\" role=\"img\" ><\/div>\n\t\t\t\t\t\t\t\t\t\t\t<div class=\"elementor-gallery-item__overlay\"><\/div>\n\t\t\t\t\t\t\t\t\t\t\t\t\t\t\t<div class=\"elementor-gallery-item__content\">\n\t\t\t\t\t\t\t\t\t\t\t\t\t\t<div class=\"elementor-gallery-item__title\">\n\t\t\t\t\t\t\t\t\t\t\t\t\t\t\t\t\t\tCANALES DE IRLES. BRAZAL ORTA\t\t\t\t\t\t\t\t<\/div>\n\t\t\t\t\t\t\t\t\t\t\t\t<\/div>\n\t\t\t\t\t\t\t\t\t<\/a>\n\t\t\t\t\t\t\t<a class=\"e-gallery-item elementor-gallery-item elementor-animated-content\" href=\"https:\/\/acequiademarchena.com\/wp-content\/uploads\/2023\/06\/15.jpg\" data-elementor-open-lightbox=\"yes\" data-elementor-lightbox-slideshow=\"all-8c088b1\" data-elementor-lightbox-title=\"DOMINGO RAMOS 2023\" data-e-action-hash=\"#elementor-action%3Aaction%3Dlightbox%26settings%3DeyJpZCI6MzIyLCJ1cmwiOiJodHRwczpcL1wvYWNlcXVpYWRlbWFyY2hlbmEuY29tXC93cC1jb250ZW50XC91cGxvYWRzXC8yMDIzXC8wNlwvMTUuanBnIiwic2xpZGVzaG93IjoiYWxsLThjMDg4YjEifQ%3D%3D\">\n\t\t\t\t\t<div class=\"e-gallery-image elementor-gallery-item__image\" data-thumbnail=\"https:\/\/acequiademarchena.com\/wp-content\/uploads\/2023\/06\/15.jpg\" data-width=\"1200\" data-height=\"1600\" aria-label=\"\" role=\"img\" ><\/div>\n\t\t\t\t\t\t\t\t\t\t\t<div class=\"elementor-gallery-item__overlay\"><\/div>\n\t\t\t\t\t\t\t\t\t\t\t\t\t\t\t<div class=\"elementor-gallery-item__content\">\n\t\t\t\t\t\t\t\t\t\t\t\t\t\t<div class=\"elementor-gallery-item__title\">\n\t\t\t\t\t\t\t\t\t\t\t\t\t\t\t\t\t\tDOMINGO RAMOS 2023\t\t\t\t\t\t\t\t<\/div>\n\t\t\t\t\t\t\t\t\t\t\t\t<\/div>\n\t\t\t\t\t\t\t\t\t<\/a>\n\t\t\t\t\t\t\t<a class=\"e-gallery-item elementor-gallery-item elementor-animated-content\" href=\"https:\/\/acequiademarchena.com\/wp-content\/uploads\/2023\/06\/16-last.jpg\" data-elementor-open-lightbox=\"yes\" data-elementor-lightbox-slideshow=\"all-8c088b1\" data-elementor-lightbox-title=\"ALELUYA. DOMINGO DE GLORIA 2023\" data-e-action-hash=\"#elementor-action%3Aaction%3Dlightbox%26settings%3DeyJpZCI6MzI5LCJ1cmwiOiJodHRwczpcL1wvYWNlcXVpYWRlbWFyY2hlbmEuY29tXC93cC1jb250ZW50XC91cGxvYWRzXC8yMDIzXC8wNlwvMTYtbGFzdC5qcGciLCJzbGlkZXNob3ciOiJhbGwtOGMwODhiMSJ9\">\n\t\t\t\t\t<div class=\"e-gallery-image elementor-gallery-item__image\" data-thumbnail=\"https:\/\/acequiademarchena.com\/wp-content\/uploads\/2023\/06\/16-last.jpg\" data-width=\"1200\" data-height=\"1600\" aria-label=\"\" role=\"img\" ><\/div>\n\t\t\t\t\t\t\t\t\t\t\t<div class=\"elementor-gallery-item__overlay\"><\/div>\n\t\t\t\t\t\t\t\t\t\t\t\t\t\t\t<div class=\"elementor-gallery-item__content\">\n\t\t\t\t\t\t\t\t\t\t\t\t\t\t<div class=\"elementor-gallery-item__title\">\n\t\t\t\t\t\t\t\t\t\t\t\t\t\t\t\t\t\tALELUYA. DOMINGO DE GLORIA 2023\t\t\t\t\t\t\t\t<\/div>\n\t\t\t\t\t\t\t\t\t\t\t\t<\/div>\n\t\t\t\t\t\t\t\t\t<\/a>\n\t\t\t\t\t<\/div>\n\t\t\t<\/div>\n\t\t\t\t<\/div>\n\t\t\t\t\t<\/div>\n\t\t<\/div>\n\t\t\t\t\t\t\t<\/div>\n\t\t<\/section>\n\t\t\t\t<section class=\"elementor-section elementor-top-section elementor-element elementor-element-dfae917 elementor-section-boxed elementor-section-height-default elementor-section-height-default\" data-id=\"dfae917\" data-element_type=\"section\">\n\t\t\t\t\t\t<div class=\"elementor-container elementor-column-gap-default\">\n\t\t\t\t\t<div class=\"elementor-column elementor-col-100 elementor-top-column elementor-element elementor-element-47b25e4\" data-id=\"47b25e4\" data-element_type=\"column\">\n\t\t\t<div class=\"elementor-widget-wrap elementor-element-populated\">\n\t\t\t\t\t\t\t\t<div class=\"elementor-element elementor-element-25503b8 elementor-widget elementor-widget-image\" data-id=\"25503b8\" data-element_type=\"widget\" data-widget_type=\"image.default\">\n\t\t\t\t<div class=\"elementor-widget-container\">\n\t\t\t\t\t\t\t\t\t\t\t\t\t\t\t<img decoding=\"async\" src=\"https:\/\/acequiademarchena.com\/wp-content\/uploads\/2023\/06\/16.jpg\" title=\"16\" alt=\"16\" loading=\"lazy\" \/>\t\t\t\t\t\t\t\t\t\t\t\t\t\t\t<\/div>\n\t\t\t\t<\/div>\n\t\t\t\t\t<\/div>\n\t\t<\/div>\n\t\t\t\t\t\t\t<\/div>\n\t\t<\/section>\n\t\t\t\t\t\t\t<\/div>\n\t\t","protected":false},"excerpt":{"rendered":"<p>Bienvenido aLa Acequiade Marchena La Comunidad de la Acequia de Marchena La Comunidad de la Acequia de Marchena es una entidad que riega el Campo de Elche, de car\u00e1cter centenario con m\u00e1s de 8 siglos de actividad. La propiedad y entidad de Aguas de Marchena ha sido refrendada en diferentes momentos de la historia por [&hellip;]<\/p>\n","protected":false},"author":1,"featured_media":0,"parent":0,"menu_order":0,"comment_status":"closed","ping_status":"closed","template":"elementor_header_footer","meta":[],"yoast_head":"<!-- This site is optimized with the Yoast SEO plugin v20.8 - https:\/\/yoast.com\/wordpress\/plugins\/seo\/ -->\n<title>Acequia de Marchena - Acequia de Marchena<\/title>\n<meta name=\"description\" content=\"La Comunidad de la Acequia de Marchena es una entidad que riega el Campo de Elche, de car\u00e1cter centenario con m\u00e1s de 8 siglos de actividad.\" \/>\n<meta name=\"robots\" content=\"index, follow, max-snippet:-1, max-image-preview:large, max-video-preview:-1\" \/>\n<link rel=\"canonical\" href=\"https:\/\/acequiademarchena.com\/\" \/>\n<meta property=\"og:locale\" content=\"en_US\" \/>\n<meta property=\"og:type\" content=\"article\" \/>\n<meta property=\"og:title\" content=\"Acequia de Marchena - Acequia de Marchena\" \/>\n<meta property=\"og:description\" content=\"La Comunidad de la Acequia de Marchena es una entidad que riega el Campo de Elche, de car\u00e1cter centenario con m\u00e1s de 8 siglos de actividad.\" \/>\n<meta property=\"og:url\" content=\"https:\/\/acequiademarchena.com\/\" \/>\n<meta property=\"og:site_name\" content=\"Acequia de Marchena\" \/>\n<meta property=\"article:modified_time\" content=\"2023-06-13T13:48:22+00:00\" \/>\n<meta property=\"og:image\" content=\"http:\/\/acequiademarchena.com\/wp-content\/uploads\/2023\/06\/acequia-de-marchena-banner-mid.jpg\" \/>\n<meta name=\"twitter:card\" content=\"summary_large_image\" \/>\n<meta name=\"twitter:label1\" content=\"Est. reading time\" \/>\n\t<meta name=\"twitter:data1\" content=\"6 minutes\" \/>\n<script type=\"application\/ld+json\" class=\"yoast-schema-graph\">{\"@context\":\"https:\/\/schema.org\",\"@graph\":[{\"@type\":\"WebPage\",\"@id\":\"https:\/\/acequiademarchena.com\/\",\"url\":\"https:\/\/acequiademarchena.com\/\",\"name\":\"Acequia de Marchena - Acequia de Marchena\",\"isPartOf\":{\"@id\":\"https:\/\/acequiademarchena.com\/#website\"},\"datePublished\":\"2023-05-26T12:49:48+00:00\",\"dateModified\":\"2023-06-13T13:48:22+00:00\",\"description\":\"La Comunidad de la Acequia de Marchena es una entidad que riega el Campo de Elche, de car\u00e1cter centenario con m\u00e1s de 8 siglos de actividad.\",\"breadcrumb\":{\"@id\":\"https:\/\/acequiademarchena.com\/#breadcrumb\"},\"inLanguage\":\"en-US\",\"potentialAction\":[{\"@type\":\"ReadAction\",\"target\":[\"https:\/\/acequiademarchena.com\/\"]}]},{\"@type\":\"BreadcrumbList\",\"@id\":\"https:\/\/acequiademarchena.com\/#breadcrumb\",\"itemListElement\":[{\"@type\":\"ListItem\",\"position\":1,\"name\":\"Portada\",\"item\":\"https:\/\/acequiademarchena.com\/\"},{\"@type\":\"ListItem\",\"position\":2,\"name\":\"Acequia de Marchena\"}]},{\"@type\":\"WebSite\",\"@id\":\"https:\/\/acequiademarchena.com\/#website\",\"url\":\"https:\/\/acequiademarchena.com\/\",\"name\":\"Acequia de Marchena\",\"description\":\"La Comunidad de la Acequia de Marchena es una entidad que riega el Campo de Elche, de car\u00e1cter centenario con m\u00e1s de 8 siglos de actividad\",\"publisher\":{\"@id\":\"https:\/\/acequiademarchena.com\/#organization\"},\"potentialAction\":[{\"@type\":\"SearchAction\",\"target\":{\"@type\":\"EntryPoint\",\"urlTemplate\":\"https:\/\/acequiademarchena.com\/?s={search_term_string}\"},\"query-input\":\"required name=search_term_string\"}],\"inLanguage\":\"en-US\"},{\"@type\":\"Organization\",\"@id\":\"https:\/\/acequiademarchena.com\/#organization\",\"name\":\"Acequia de Marchena\",\"url\":\"https:\/\/acequiademarchena.com\/\",\"logo\":{\"@type\":\"ImageObject\",\"inLanguage\":\"en-US\",\"@id\":\"https:\/\/acequiademarchena.com\/#\/schema\/logo\/image\/\",\"url\":\"https:\/\/acequiademarchena.com\/wp-content\/uploads\/2023\/06\/acequia-de-marchena-logo-2.png\",\"contentUrl\":\"https:\/\/acequiademarchena.com\/wp-content\/uploads\/2023\/06\/acequia-de-marchena-logo-2.png\",\"width\":700,\"height\":659,\"caption\":\"Acequia de Marchena\"},\"image\":{\"@id\":\"https:\/\/acequiademarchena.com\/#\/schema\/logo\/image\/\"}}]}<\/script>\n<!-- \/ Yoast SEO plugin. -->","yoast_head_json":{"title":"Acequia de Marchena - Acequia de Marchena","description":"La Comunidad de la Acequia de Marchena es una entidad que riega el Campo de Elche, de car\u00e1cter centenario con m\u00e1s de 8 siglos de actividad.","robots":{"index":"index","follow":"follow","max-snippet":"max-snippet:-1","max-image-preview":"max-image-preview:large","max-video-preview":"max-video-preview:-1"},"canonical":"https:\/\/acequiademarchena.com\/","og_locale":"en_US","og_type":"article","og_title":"Acequia de Marchena - Acequia de Marchena","og_description":"La Comunidad de la Acequia de Marchena es una entidad que riega el Campo de Elche, de car\u00e1cter centenario con m\u00e1s de 8 siglos de actividad.","og_url":"https:\/\/acequiademarchena.com\/","og_site_name":"Acequia de Marchena","article_modified_time":"2023-06-13T13:48:22+00:00","og_image":[{"url":"http:\/\/acequiademarchena.com\/wp-content\/uploads\/2023\/06\/acequia-de-marchena-banner-mid.jpg"}],"twitter_card":"summary_large_image","twitter_misc":{"Est. reading time":"6 minutes"},"schema":{"@context":"https:\/\/schema.org","@graph":[{"@type":"WebPage","@id":"https:\/\/acequiademarchena.com\/","url":"https:\/\/acequiademarchena.com\/","name":"Acequia de Marchena - Acequia de Marchena","isPartOf":{"@id":"https:\/\/acequiademarchena.com\/#website"},"datePublished":"2023-05-26T12:49:48+00:00","dateModified":"2023-06-13T13:48:22+00:00","description":"La Comunidad de la Acequia de Marchena es una entidad que riega el Campo de Elche, de car\u00e1cter centenario con m\u00e1s de 8 siglos de actividad.","breadcrumb":{"@id":"https:\/\/acequiademarchena.com\/#breadcrumb"},"inLanguage":"en-US","potentialAction":[{"@type":"ReadAction","target":["https:\/\/acequiademarchena.com\/"]}]},{"@type":"BreadcrumbList","@id":"https:\/\/acequiademarchena.com\/#breadcrumb","itemListElement":[{"@type":"ListItem","position":1,"name":"Portada","item":"https:\/\/acequiademarchena.com\/"},{"@type":"ListItem","position":2,"name":"Acequia de Marchena"}]},{"@type":"WebSite","@id":"https:\/\/acequiademarchena.com\/#website","url":"https:\/\/acequiademarchena.com\/","name":"Acequia de Marchena","description":"La Comunidad de la Acequia de Marchena es una entidad que riega el Campo de Elche, de car\u00e1cter centenario con m\u00e1s de 8 siglos de actividad","publisher":{"@id":"https:\/\/acequiademarchena.com\/#organization"},"potentialAction":[{"@type":"SearchAction","target":{"@type":"EntryPoint","urlTemplate":"https:\/\/acequiademarchena.com\/?s={search_term_string}"},"query-input":"required name=search_term_string"}],"inLanguage":"en-US"},{"@type":"Organization","@id":"https:\/\/acequiademarchena.com\/#organization","name":"Acequia de Marchena","url":"https:\/\/acequiademarchena.com\/","logo":{"@type":"ImageObject","inLanguage":"en-US","@id":"https:\/\/acequiademarchena.com\/#\/schema\/logo\/image\/","url":"https:\/\/acequiademarchena.com\/wp-content\/uploads\/2023\/06\/acequia-de-marchena-logo-2.png","contentUrl":"https:\/\/acequiademarchena.com\/wp-content\/uploads\/2023\/06\/acequia-de-marchena-logo-2.png","width":700,"height":659,"caption":"Acequia de Marchena"},"image":{"@id":"https:\/\/acequiademarchena.com\/#\/schema\/logo\/image\/"}}]}},"_links":{"self":[{"href":"https:\/\/acequiademarchena.com\/index.php?rest_route=\/wp\/v2\/pages\/6"}],"collection":[{"href":"https:\/\/acequiademarchena.com\/index.php?rest_route=\/wp\/v2\/pages"}],"about":[{"href":"https:\/\/acequiademarchena.com\/index.php?rest_route=\/wp\/v2\/types\/page"}],"author":[{"embeddable":true,"href":"https:\/\/acequiademarchena.com\/index.php?rest_route=\/wp\/v2\/users\/1"}],"replies":[{"embeddable":true,"href":"https:\/\/acequiademarchena.com\/index.php?rest_route=%2Fwp%2Fv2%2Fcomments&post=6"}],"version-history":[{"count":201,"href":"https:\/\/acequiademarchena.com\/index.php?rest_route=\/wp\/v2\/pages\/6\/revisions"}],"predecessor-version":[{"id":418,"href":"https:\/\/acequiademarchena.com\/index.php?rest_route=\/wp\/v2\/pages\/6\/revisions\/418"}],"wp:attachment":[{"href":"https:\/\/acequiademarchena.com\/index.php?rest_route=%2Fwp%2Fv2%2Fmedia&parent=6"}],"curies":[{"name":"wp","href":"https:\/\/api.w.org\/{rel}","templated":true}]}}